{"id":2629,"date":"2024-12-15T14:16:49","date_gmt":"2024-12-15T17:16:49","guid":{"rendered":"http:\/\/guanabara.org.br\/?page_id=2629"},"modified":"2025-01-27T23:59:38","modified_gmt":"2025-01-28T02:59:38","slug":"curso-basico-de-montanhismo-cbm-2025","status":"publish","type":"page","link":"https:\/\/guanabara.org.br\/index.php\/curso-basico-de-montanhismo-cbm-2025\/","title":{"rendered":"Curso B\u00e1sico de Montanhismo &#8211; CBM 2025"},"content":{"rendered":"\n<h3 class=\"wp-block-heading\"><strong>Regulamento<\/strong><\/h3>\n\n\n\n<p><strong>IN\u00cdCIO: 10\/03\/2025<br \/><\/strong><\/p>\n\n\n\n<p><strong>OBJETIVO<\/strong><\/p>\n\n\n\n<ul class=\"wp-block-list\"><li>Capacitar o aluno a participar de caminhadas ou escaladas em \u00e1reas de montanha com conforto, efici\u00eancia e seguran\u00e7a.<\/li><\/ul>\n\n\n\n<p><strong>P\u00daBLICO ALVO<\/strong><\/p>\n\n\n\n<ul class=\"wp-block-list\"><li>Pessoas maiores de 16 anos interessadas em se aventurar na natureza de forma segura, saud\u00e1vel e com m\u00ednimo impacto no meio ambiente.<\/li><\/ul>\n\n\n\n<p><strong>PROGRAMA\u00c7\u00c3O<\/strong><\/p>\n\n\n\n<table class=\"wp-block-table\"><tbody><tr><td><strong>Data*<\/strong><\/td><td><strong>Dia<\/strong><\/td><td><strong>Tipo<\/strong><\/td><td><strong>M\u00f3dulo**<\/strong><\/td><td><strong>Tema \/ Atividade<\/strong><\/td><td><strong>Local***<\/strong><\/td><\/tr><tr><td>10\/03\/2025<\/td><td>seg<\/td><td>Te\u00f3rica<\/td><td>Te\u00f3rica<\/td><td>Apresenta\u00e7\u00e3o do curso e aula de Caminhada<\/td><td>Sede do CEG<\/td><\/tr><tr><td>12\/03\/2025<\/td><td>qua<\/td><td>Te\u00f3rica<\/td><td>Te\u00f3rica<\/td><td>T\u00e9cnicas de Escalada I<\/td><td>Sede do CEG<\/td><\/tr><tr><td>15\/03\/2025<\/td><td>sab<\/td><td>Pr\u00e1tica<\/td><td>Campo Escola<\/td><td>Campo Escola Graja\u00fa<\/td><td>Reserva do Graja\u00fa (Parque Estadual do Graja\u00fa &#8211; PEG)<\/td><\/tr><tr><td>16\/03\/2025<\/td><td>dom<\/td><td>Pr\u00e1tica<\/td><td>Caminhada<\/td><td>Caminhada Leve Superior<\/td><td>Floresta da Tijuca (Parque Nacional da Tijuca &#8211; PNT) <\/td><\/tr><tr><td>17\/03\/2025<\/td><td>seg<\/td><td>Te\u00f3rica<\/td><td>Te\u00f3rica<\/td><td>Animais Pe\u00e7onhetos<\/td><td>Sede do CEG<\/td><\/tr><tr><td>19\/03\/2025<\/td><td>qua<\/td><td>Te\u00f3rica<\/td><td>Te\u00f3rica<\/td><td>T\u00e9cnicas de Escalada II<\/td><td>Sede do CEG<\/td><\/tr><tr><td>22\/03\/2025<\/td><td>sab<\/td><td>Pr\u00e1tica<\/td><td>Campo Escola<\/td><td>Campo Escola Urca<\/td><td>Face Norte do Morro da Urca (MoNa Morros P\u00e3o de A\u00e7ucar e Urca) acesso pela Praia Vermelha<\/td><\/tr><tr><td>23\/03\/2025<\/td><td>dom<\/td><td>Pr\u00e1tica<\/td><td>Escalada<\/td><td>Escalada I &#8211; Coloridos<\/td><td> Morro da Urca (MoNa Morros P\u00e3o de A\u00e7ucar e Urca) acesso pela Praia Vermelha <\/td><\/tr><tr><td>24\/03\/2025<\/td><td>seg<\/td><td>Te\u00f3rica<\/td><td>Te\u00f3rica<\/td><td> Organiza\u00e7\u00e3o do Motanhismo, \u00c9tica e M\u00ednimo Impacto<\/td><td>Sede do CEG<\/td><\/tr><tr><td>26\/03\/2025<\/td><td>qua<\/td><td>Te\u00f3rica<\/td><td>Te\u00f3rica<\/td><td> Acampamento e Bivaque<\/td><td>Sede do CEG<\/td><\/tr><tr><td>29\/03\/2025<\/td><td>sab<\/td><td>Pr\u00e1tica<\/td><td>Escalada<\/td><td>Escalada II &#8211; Babil\u00f4nia (grupo A)<\/td><td> Morro da Babil\u00f4nia (Parque Nat. Munic. Paisagem Carioca) acesso p\/ Praia Vermelha <\/td><\/tr><tr><td>30\/03\/2025<\/td><td>dom<\/td><td>Pr\u00e1tica<\/td><td>Escalada<\/td><td> Escalada II &#8211; Babil\u00f4nia (grupo B)<\/td><td> Morro da Babil\u00f4nia (Parque Nat. Munic. Paisagem Carioca) acesso p\/ Praia Vermelha<\/td><\/tr><tr><td>31\/03\/2025<\/td><td>seg<\/td><td>Te\u00f3rica<\/td><td>Te\u00f3rica<\/td><td>Preven\u00e7\u00e3o de Acidentes e No\u00e7\u00f5es de 1os. SOS<\/td><td>Sede do CEG<\/td><\/tr><tr><td>02\/04\/2025<\/td><td>qua<\/td><td>Te\u00f3rica<\/td><td>Te\u00f3rica<\/td><td>Orienta\u00e7\u00e3o e Mapas<\/td><td>Sede do CEG<\/td><\/tr><tr><td>05\/04\/2025<\/td><td>sab<\/td><td>Pr\u00e1tica<\/td><td>Campo Escola<\/td><td>Campo Escola Guaratiba<\/td><td>Morro da Tartaruga &#8211; Guaratiba (Parque Estadual da Pedra Branca &#8211; PEPB)<\/td><\/tr><tr><td>06\/04\/2025<\/td><td>dom<\/td><td>Pr\u00e1tica<\/td><td> Campo Escola <\/td><td> Campo Escola Guaratiba (dia reserva)<\/td><td> Morro da Tartaruga &#8211; Guaratiba (Parque Estadual da Pedra Branca &#8211; PEPB) <\/td><\/tr><tr><td>07\/04\/2025<\/td><td>seg<\/td><td>Te\u00f3rica<\/td><td>Te\u00f3rica<\/td><td> Hist\u00f3ria do Montanhismo<\/td><td>Sede do CEG<\/td><\/tr><tr><td>09\/04\/2025<\/td><td>qua<\/td><td>Te\u00f3rica<\/td><td>Avalia\u00e7\u00e3o<\/td><td> Prova Te\u00f3rica e T\u00e9cnica (Primeira Chamada)<\/td><td>Sede do CEG<\/td><\/tr><tr><td>12\/04\/2025<\/td><td>sab<\/td><td>Pr\u00e1tica<\/td><td>Escalada<\/td><td>Escalada III &#8211; Agulhinha da G\u00e1vea<\/td><td>Setor Pedra Bonita (Parque Nacional da Tijuca &#8211; PNT)<\/td><\/tr><tr><td>13\/04\/2025<\/td><td>qua<\/td><td>Pr\u00e1tica<\/td><td>Manejo<\/td><td>Reflorestamento e Manejo de Trilha<\/td><td>N\u00facleo Piraquara (Parque Estadual da Pedra Branca &#8211; PEPB)<\/td><\/tr><tr><td>26 e 27\/04\/2024<\/td><td>sab e dom<\/td><td>Pr\u00e1tica<\/td><td>Extra<\/td><td>Rio Nas Montanhas &#8211; Abertura da Temporada de Montanhismo<\/td><td>Pra\u00e7a General Tib\u00farcio &#8211; Praia Vermelha<\/td><\/tr><tr><td>07\/05\/2025<\/td><td>qua<\/td><td>Te\u00f3rica<\/td><td>Planejamento<\/td><td>Planejamento da Caminhada com Acampamento<\/td><td> Sede do CEG<\/td><\/tr><tr><td>10\/05\/2025<\/td><td>sab<\/td><td>Pr\u00e1tica<\/td><td>Caminhada<\/td><td>Caminhada Moderada Superior<\/td><td>Escalavrado (Parque Nacional da Serra dos \u00d3rg\u00e3os -PNSO)<\/td><\/tr><tr><td>11\/05\/2025 <\/td><td>dom<\/td><td>Pr\u00e1tica<\/td><td>Caminhada<\/td><td> Caminhada Moderada Superior (dia reserva)<\/td><td> Escalavrado (Parque Nacional da Serra dos \u00d3rg\u00e3os -PNSO) <\/td><\/tr><tr><td>17 e 18\/05\/2025<\/td><td>sab e dom<\/td><td>Pr\u00e1tica<\/td><td>Caminhada<\/td><td>Caminhada Pesada c\/ Acampamento<\/td><td>Travessia Rancho Ca\u00eddo (Parque Nacional de Itatiaia- PNI)<\/td><\/tr><tr><td>21\/05\/2025<\/td><td>qua<\/td><td>Te\u00f3rica<\/td><td>Avalia\u00e7\u00e3o<\/td><td>Prova Te\u00f3rica e T\u00e9cnica (Segunda Chamada)<\/td><td>Sede do CEG<\/td><\/tr><\/tbody><\/table>\n\n\n\n<p>*Datas sujeitas a altera\u00e7\u00f5es.<\/p>\n\n\n\n<p>** M\u00f3dulos definem a forma de avalia\u00e7\u00e3o (ver a sess\u00e3o Avalia\u00e7\u00e3o)<\/p>\n\n\n\n<p>*** Para atividades pr\u00e1ticas estes locais s\u00e3o sugest\u00f5es, podendo ser alterados conforme necessidade.<\/p>\n\n\n\n<p><strong>Altera\u00e7\u00f5es na Programa\u00e7\u00e3o<\/strong><\/p>\n\n\n\n<p>As atividades pr\u00e1ticas, por acontecerem na natureza ao ar livre, est\u00e3o sujeitas \u00e0 condi\u00e7\u00f5es clim\u00e1ticas favor\u00e1veis para que sejam realizadas, e por isso pode ser necess\u00e1rio alterar tanto a data prevista, quanto o local de execu\u00e7\u00e3o quando estas condi\u00e7\u00f5es clim\u00e1ticas n\u00e3o forem minimamente adequadas \u00e0 pr\u00e1tica. Tais altera\u00e7\u00f5es n\u00e3o eximem o aluno de suas obriga\u00e7\u00f5es de presen\u00e7a e participa\u00e7\u00e3o conforme previstas na se\u00e7\u00e3o Avalia\u00e7\u00e3o.<\/p>\n\n\n\n<p>As aulas pr\u00e1ticas podem sofrer altera\u00e7\u00e3o de conte\u00fado, entre datas, mas somente deixar\u00e3o de acontecer (e ser\u00e3o reagendadas) em caso de for\u00e7a maior, como por exemplo temporais e alagamentos na regi\u00e3o central da cidade do Rio de Janeiro.<\/p>\n\n\n\n<p><strong>ESTRUTURA DO CURSO E AVALIA\u00c7\u00c3O<\/strong><\/p>\n\n\n\n<p>O processo de transmiss\u00e3o do conhecimento necess\u00e1rio para a pr\u00e1tica de caminhadas e escaladas em ambiente de montanha no Curso B\u00e1sico de Montanhismo (CBM) est\u00e1 baseada na sequ\u00eancia Demonstra\u00e7\u00e3o &gt; Orienta\u00e7\u00e3o &gt; Supervis\u00e3o.<\/p>\n\n\n\n<p>A demonstra\u00e7\u00e3o \u00e9 feita atrav\u00e9s de apresenta\u00e7\u00f5es te\u00f3ricas e execu\u00e7\u00e3o pr\u00e1tica pelos instrutores, repetidas vezes e em diferentes oportunidades.<\/p>\n\n\n\n<p>A seguir passa-se \u00e0 abordagem da orienta\u00e7\u00e3o, onde \u00e9 solicitado que o aluno reproduza o que foi demonstrado com o instrutor o orientando em cada etapa a ser realizada.<\/p>\n\n\n\n<p>Por fim, entramos no momento de supervis\u00e3o, onde \u00e9 pedido que o aluno execute uma t\u00e9cnica ou apresente uma atitude adequada diante de determinada situa\u00e7\u00e3o, contando com a interven\u00e7\u00e3o do instrutor apenas em caso de necessidade, por seguran\u00e7a ou melhoria na forma de execu\u00e7\u00e3o.<\/p>\n\n\n\n<p>Esta sequ\u00eancia ir\u00e1 se repetir diversas vezes ao longo do curso, tanto nas aulas te\u00f3ricas quanto nas atividades pr\u00e1ticas, para permitir que o aluno fixe este conhecimento de forma intelectual, motora e comportamental.<\/p>\n\n\n\n<p>Desta forma, \u00e9 exigido que os alunos participem de pelo menos duas atividades pr\u00e1ticas de cada um dos m\u00f3dulos b\u00e1sicos, que s\u00e3o M\u00f3dulo Campo Escola, M\u00f3dulo Caminhada e M\u00f3dulo Escalada. Para certificar-se de quais atividades envolvem cada m\u00f3dulo, veja a tabela da Programa\u00e7\u00e3o.<\/p>\n\n\n\n<p>Al\u00e9m das presen\u00e7as obrigat\u00f3rias citadas acima, o aluno n\u00e3o poder\u00e1 ter mais de tr\u00eas faltas no total das aulas te\u00f3ricas. Uma quantidade de faltas acima desse limite implicar\u00e1 na sua reprova\u00e7\u00e3o no CBM. N\u00e3o h\u00e1 previs\u00e3o de reposi\u00e7\u00e3o das aulas te\u00f3ricas.<\/p>\n\n\n\n<p>Os instrutores estar\u00e3o constantemente observando o aluno ao longo das atividades e, para que seja considerado apto para a certifica\u00e7\u00e3o, este dever\u00e1 demonstrar dom\u00ednio das t\u00e9cnicas e atitudes apresentadas, de forma que ao final do curso n\u00e3o necessite de supervis\u00e3o para realiz\u00e1-las.<\/p>\n\n\n\n<p>Por fim, ser\u00e1 aplicada uma prova conforme previsto na Programa\u00e7\u00e3o. A se\u00e7\u00e3o te\u00f3rica \u00e9 uma prova escrita constitu\u00edda de quest\u00f5es objetivas e discursivas. A se\u00e7\u00e3o t\u00e9cnica \u00e9 uma demonstra\u00e7\u00e3o pelo aluno da execu\u00e7\u00e3o dos n\u00f3s e determinadas t\u00e9cnicas listadas, acompanhada de uma breve argui\u00e7\u00e3o sobre a aplica\u00e7\u00e3o das t\u00e9cnicas e n\u00f3s apresentados. A nota de cada uma das se\u00e7\u00f5es compor\u00e1 por m\u00e9dia simples a nota geral da prova. A m\u00e9dia m\u00ednima a ser obtida para aprova\u00e7\u00e3o \u00e9 de 70% da nota geral m\u00e1xima. Uma m\u00e9dia inferior a esta implica em reprova\u00e7\u00e3o.<\/p>\n\n\n\n<p>Ser\u00e3o oferecidas duas datas para a realiza\u00e7\u00e3o desta prova (primeira e segunda chamadas) conforme a Programa\u00e7\u00e3o. A n\u00e3o realiza\u00e7\u00e3o desta prova em uma das duas datas oferecidas implicar\u00e1 na reprova\u00e7\u00e3o do aluno.<\/p>\n\n\n\n<p><strong>VALOR<\/strong><\/p>\n\n\n\n<p>O valor do curso \u00e9 R$ 1.400,00, que d\u00e1 direito a:<\/p>\n\n\n\n<ol class=\"wp-block-list\"><li>Participa\u00e7\u00e3o nas aulas te\u00f3ricas e atividades pr\u00e1ticas (conforme calend\u00e1rio do curso);<\/li><li>Material did\u00e1tico (PDFs com apresenta\u00e7\u00f5es e livro Escale Melhor e Com Mais Seguran\u00e7a);<\/li><li>Empr\u00e9stimo (durante a realiza\u00e7\u00e3o do curso) de equipamento de seguran\u00e7a para as pr\u00e1ticas de escalada (exceto sapatilha);<\/li><li>Translado para atividades pr\u00e1ticas Campo Escola Guaratiba e Caminhada com Acampamento;<\/li><li>Camiseta do CEG;<\/li><li>Certificado de conclus\u00e3o do curso (em caso de aprova\u00e7\u00e3o na avalia\u00e7\u00e3o);<\/li><li>Joia de associa\u00e7\u00e3o ao CEG (caso o aluno queira se associar ao clube ao t\u00e9rmino do curso, at\u00e9 julho de 2025).<\/li><\/ol>\n\n\n\n<p><strong>INSCRI\u00c7\u00c3O<\/strong><\/p>\n\n\n\n<p>Antes de prosseguir com a inscri\u00e7\u00e3o \u00e9 recomendado que o interessado fa\u00e7a a leitura completa deste regulamento pois, ap\u00f3s realizada a inscri\u00e7\u00e3o, a \u00fanica forma de cancelar o compromisso com o curso \u00e9 atrav\u00e9s da desist\u00eancia formal, com as respectivas penalidades previstas neste regulamento.<\/p>\n\n\n\n<p>Para efetivar a inscri\u00e7\u00e3o no Curso B\u00e1sico de Montanhismo de 2025 (CB 2025) promovido pelo Centro Excursionista Guanabara (CEG), o interessado deve seguir os seguintes passos:<\/p>\n\n\n\n<p>1) Acessar o link abaixo e preencher o formul\u00e1rio apresentado. Ap\u00f3s o preenchimento e envio do formul\u00e1rio, este ser\u00e1 analisado pelo coordena\u00e7\u00e3o do curso. Em at\u00e9 5 dias \u00fateis, a depender das respostas, o interessado ser\u00e1 informado via e-mail e\/ou Whatsapp se:<\/p>\n\n\n\n<p>a) Ser\u00e1 necess\u00e1rio a apresenta\u00e7\u00e3o de atestado m\u00e9dico;<\/p>\n\n\n\n<p>b) Ser\u00e1 necess\u00e1rio realizar entrevista com a coordena\u00e7\u00e3o do curso para verificar eventuais restri\u00e7\u00f5es \u00e0 inscri\u00e7\u00e3o;<\/p>\n\n\n\n<p>c) N\u00e3o existe nenhuma pend\u00eancia por parte do interessado e a confirma\u00e7\u00e3o da inscri\u00e7\u00e3o fica dependendo apenas do pagamento.<\/p>\n\n\n\n<p>2) Realizar o pagamento conforme previsto no item &#8220;Pagamento&#8221; deste regulamento.<\/p>\n\n\n\n<p><strong>Importante<\/strong>:<\/p>\n\n\n\n<p>A efetiva\u00e7\u00e3o da inscri\u00e7\u00e3o com a respectiva garantia da vaga s\u00f3 acontece ap\u00f3s a realiza\u00e7\u00e3o do pagamento pelo interessado;<\/p>\n\n\n\n<p>Caso ap\u00f3s o preenchimento do formul\u00e1rio seja solicitado atestado m\u00e9dico e\/ou realiza\u00e7\u00e3o de entrevista, isto n\u00e3o impedir\u00e1 a realiza\u00e7\u00e3o do pagamento para a garantia da vaga no curso. Entretanto:<\/p>\n\n\n\n<p>a) Caso seja solicitado atestado m\u00e9dico, o mesmo dever\u00e1 ser apresentado at\u00e9 o primeiro dia de realiza\u00e7\u00e3o do curso (10\/03\/2025), caso contr\u00e1rio o inscrito ser\u00e1 impedido de realizar as atividades pr\u00e1ticas, se aplicando as regras de avalia\u00e7\u00e3o e desist\u00eancia conforme previstas neste regulamento;<\/p>\n\n\n\n<p>b) Caso seja necess\u00e1ria a entrevista, o interessado dever\u00e1 entrar em contato com coordenador do curso, atrav\u00e9s do contato que ser\u00e1 informado no retorno da an\u00e1lise da inscri\u00e7\u00e3o, em at\u00e9 cinco dias \u00fateis ap\u00f3s este retorno, para agendamento da entrevista, que dever\u00e1 acontecer no m\u00e1ximo at\u00e9 07\/03\/2025. Caso seja verificado na entrevista algum impedimento para a participa\u00e7\u00e3o do inscrito no CBC, o valor j\u00e1 pago ser\u00e1 integralmente devolvido e os compromissos futuros cancelados;<\/p>\n\n\n\n<p>A efetiva\u00e7\u00e3o do curso est\u00e1 condicionada \u00e0 forma\u00e7\u00e3o de uma turma com no m\u00ednimo 6 alunos. Caso este n\u00famero de inscritos aptos n\u00e3o seja alcan\u00e7ado at\u00e9 o in\u00edcio do curso, o mesmo ser\u00e1 cancelado e os valores j\u00e1 pagos ser\u00e3o integralmente devolvidos e os compromissos futuros cancelados;<\/p>\n\n\n\n<p>O n\u00famero de vagas do CBM 2025 do CEG est\u00e1 limitado a 12 vagas.<\/p>\n\n\n\n<p><a href=\"https:\/\/forms.gle\/qAvzWntz5UTULjhu6\" target=\"_blank\" rel=\"noreferrer noopener\" aria-label=\"Link do formul\u00e1rio de inscri\u00e7\u00e3o aqui. (abre numa nova aba)\">Link do formul\u00e1rio de inscri\u00e7\u00e3o aqui.<\/a><\/p>\n\n\n\n<p><strong>PAGAMENTO<\/strong><\/p>\n\n\n\n<p>O pagamento poder\u00e1 ser feito em at\u00e9 tr\u00eas parcelas, sendo a primeira no ato da inscri\u00e7\u00e3o, a segunda at\u00e9 10\/02\/2025, e a \u00faltima parcela at\u00e9 10\/03\/2025.<\/p>\n\n\n\n<p>O pagamento \u00e0 vista d\u00e1 direito a desconto no valor total, ficando R$ 1.250,00. Este desconto para pagamento \u00e0 vista \u00e9 v\u00e1lido at\u00e9 10\/02\/2025. Ap\u00f3s est\u00e1 data o pagamento \u00e0 vista ser\u00e1 no valor integral de R$ 1.400,00.<\/p>\n\n\n\n<p>S\u00f3cios do CEG ter\u00e3o direito a 10% de desconto sobre o valor a ser pago, qualquer que seja a modalidade de pagamento, se parcelado ou \u00e0 vista.<\/p>\n\n\n\n<p>Os meios de pagamento s\u00e3o Pix, para a chave Pix ceguanabara@gmail.com, ou atrav\u00e9s do cart\u00e3o de cr\u00e9dito ou d\u00e9bito.<\/p>\n\n\n\n<p>Para o pagamento com cart\u00e3o o inscrito dever\u00e1 comparecer presencialmente \u00e0 sede do CEG, \u00e0s quintas-feiras, entre 19:00 e 21:30.<\/p>\n\n\n\n<p>No caso de pagamento via Pix, o inscrito dever\u00e1 enviar o comprovante do Pix para o coordenador do curso, atrav\u00e9s do contato informado no retorno ap\u00f3s preenchimento do formul\u00e1rio de inscri\u00e7\u00e3o.<\/p>\n\n\n\n<p><strong>DESIST\u00caNCIA E DEVOLU\u00c7\u00c3O DE VALORES<\/strong><\/p>\n\n\n\n<p>Ap\u00f3s a inscri\u00e7\u00e3o realizada, em caso de desist\u00eancia h\u00e1 devolu\u00e7\u00e3o dos valores pagos e cancelamento dos compromissos futuros, com reten\u00e7\u00e3o cujo valor \u00e9 definido segundo a data da formaliza\u00e7\u00e3o da desist\u00eancia, conforme abaixo:<\/p>\n\n\n\n<ul class=\"wp-block-list\"><li>Desist\u00eancia at\u00e9 10\/01\/2025 = Reten\u00e7\u00e3o de R$ 375,00<\/li><li>Desist\u00eancia ap\u00f3s 10\/02\/2025 = Reten\u00e7\u00e3o de R$ 750,00<\/li><li>Desist\u00eancia ap\u00f3s 10\/03\/2025 = Reten\u00e7\u00e3o de R$ 1.125,00<\/li><\/ul>\n\n\n\n<p>A formaliza\u00e7\u00e3o da desist\u00eancia deve ser feita por mensagem enviada atrav\u00e9s do e-mail de cadastro do inscrito para o e-mail ceguanabara@gmail.com. A devolu\u00e7\u00e3o de valores ser\u00e1 realizada para a chave Pix indicada pelo inscrito na mensagem de formaliza\u00e7\u00e3o da desist\u00eancia. Ap\u00f3s o envio da formaliza\u00e7\u00e3o da desist\u00eancia, o inscrito deve avisar por escrito de sua desist\u00eancia ao coordenador do curso. A devolu\u00e7\u00e3o dos valores ser\u00e1 realizada at\u00e9 5 dias \u00fateis ap\u00f3s o aviso ao coordenador do curso.<\/p>\n\n\n\n<p>Em caso de quest\u00f5es de sa\u00fade que impe\u00e7am o inscrito de prosseguir com a realiza\u00e7\u00e3o do curso, o mesmo dever\u00e1 apresentar atestado m\u00e9dico e formalizar sua justificativa por e-mail para ceguanabara@gmail.com. Neste caso o inscrito poder\u00e1 optar por suspender sua participa\u00e7\u00e3o no curso, e assim os valores pagos poder\u00e3o ser usados como cr\u00e9dito para realiza\u00e7\u00e3o de outro curso do CEG iniciado nos dois anos subsequentes, ou seja, at\u00e9 2027. Caso o inscrito n\u00e3o tenha interesse em utilizar estes cr\u00e9ditos para outro curso no CEG, dever\u00e1 indicar sua desist\u00eancia, e estar\u00e1 sujeito \u00e0 reten\u00e7\u00e3o de valores conforme estabelecido acima.<\/p>\n\n\n\n<p>===<\/p>\n","protected":false},"excerpt":{"rendered":"<p>Regulamento IN\u00cdCIO: 10\/03\/2025 OBJETIVO Capacitar o aluno a participar de caminhadas ou escaladas em \u00e1reas de montanha com conforto, efici\u00eancia e seguran\u00e7a. P\u00daBLICO ALVO Pessoas maiores de 16 anos interessadas em se aventurar na natureza de forma segura, saud\u00e1vel e com m\u00ednimo impacto no meio ambiente. PROGRAMA\u00c7\u00c3O Data* Dia Tipo M\u00f3dulo** Tema \/ Atividade Local*** <a class=\"more-link\" href=\"https:\/\/guanabara.org.br\/index.php\/curso-basico-de-montanhismo-cbm-2025\/\">Read More &#8230;<\/a><\/p>\n","protected":false},"author":3,"featured_media":0,"parent":0,"menu_order":0,"comment_status":"closed","ping_status":"closed","template":"","meta":{"footnotes":""},"class_list":["post-2629","page","type-page","status-publish","hentry"],"_links":{"self":[{"href":"https:\/\/guanabara.org.br\/index.php\/wp-json\/wp\/v2\/pages\/2629","targetHints":{"allow":["GET"]}}],"collection":[{"href":"https:\/\/guanabara.org.br\/index.php\/wp-json\/wp\/v2\/pages"}],"about":[{"href":"https:\/\/guanabara.org.br\/index.php\/wp-json\/wp\/v2\/types\/page"}],"author":[{"embeddable":true,"href":"https:\/\/guanabara.org.br\/index.php\/wp-json\/wp\/v2\/users\/3"}],"replies":[{"embeddable":true,"href":"https:\/\/guanabara.org.br\/index.php\/wp-json\/wp\/v2\/comments?post=2629"}],"version-history":[{"count":8,"href":"https:\/\/guanabara.org.br\/index.php\/wp-json\/wp\/v2\/pages\/2629\/revisions"}],"predecessor-version":[{"id":2689,"href":"https:\/\/guanabara.org.br\/index.php\/wp-json\/wp\/v2\/pages\/2629\/revisions\/2689"}],"wp:attachment":[{"href":"https:\/\/guanabara.org.br\/index.php\/wp-json\/wp\/v2\/media?parent=2629"}],"curies":[{"name":"wp","href":"https:\/\/api.w.org\/{rel}","templated":true}]}}